{"id":163,"date":"2022-02-19T16:14:42","date_gmt":"2022-02-19T15:14:42","guid":{"rendered":"https:\/\/95.128.25.24.aa5d6d21.uncloud.co\/home\/?page_id=163"},"modified":"2024-07-18T13:44:07","modified_gmt":"2024-07-18T12:44:07","slug":"sjaellandsgade-72-1-2-sal","status":"publish","type":"page","link":"\/home\/lejemaal\/sjaellandsgade-72\/sjaellandsgade-72-1-2-sal\/","title":{"rendered":"Sj\u00e6llandsgade 72, 1. tv. (35 m2)"},"content":{"rendered":"\n<p>Unik etv\u00e6relses lejlighed midt p\u00e5 ikoniske Sj\u00e6llandsgade udlejes til den helt rigtige lejer. Lejligheden er ikke delevenlig, og egner sig bedst til dig, der \u00f8nsker at bo for dig selv. Til geng\u00e6ld f\u00e5r du en velindrettet lejlighed med rummeligt k\u00f8kken, godt badev\u00e6relse og din helt egen tagterrasse.<br>V\u00e6r opm\u00e6rksom p\u00e5, at adgangsforholdene er lidt specielle, idet du skal gennem vores kontor for at komme til din opgang og hovedd\u00f8r.<br>Lejligheden er indrettet med moderne k\u00f8kken, opvaskemaskine, vaskemaskine og t\u00f8rretumbler.<br>Bem\u00e6rk at vand, varme, el og internet er inkluderet i huslejen.<br>Efter aftale kan lejligheden lejes m\u00f8bleret.<\/p>\n\n\n\n<figure class=\"wp-block-gallery has-nested-images columns-default is-cropped wp-block-gallery-1 is-layout-flex wp-block-gallery-is-layout-flex\">\n<figure class=\"wp-block-image size-large\"><a href=\"\/home\/wp-content\/uploads\/2024\/07\/SG72-1g-scaled.jpg\" data-rel=\"lightbox-gallery-obNX2ASK\" data-rl_title=\"\" data-rl_caption=\"\" title=\"\"><img loading=\"lazy\" decoding=\"async\" width=\"768\" height=\"1024\" data-id=\"760\" src=\"\/home\/wp-content\/uploads\/2024\/07\/SG72-1g-768x1024.jpg\" alt=\"\" class=\"wp-image-760\"\/><\/a><\/figure>\n\n\n\n<figure class=\"wp-block-image size-large\"><a href=\"\/home\/wp-content\/uploads\/2024\/07\/SG72-1b-scaled.jpg\" data-rel=\"lightbox-gallery-obNX2ASK\" data-rl_title=\"\" data-rl_caption=\"\" title=\"\"><img loading=\"lazy\" decoding=\"async\" width=\"768\" height=\"1024\" data-id=\"764\" src=\"\/home\/wp-content\/uploads\/2024\/07\/SG72-1b-768x1024.jpg\" alt=\"\" class=\"wp-image-764\"\/><\/a><\/figure>\n\n\n\n<figure class=\"wp-block-image size-large\"><a href=\"\/home\/wp-content\/uploads\/2024\/07\/SG72-1c-scaled.jpg\" data-rel=\"lightbox-gallery-obNX2ASK\" data-rl_title=\"\" data-rl_caption=\"\" title=\"\"><img loading=\"lazy\" decoding=\"async\" width=\"768\" height=\"1024\" data-id=\"763\" src=\"\/home\/wp-content\/uploads\/2024\/07\/SG72-1c-768x1024.jpg\" alt=\"\" class=\"wp-image-763\"\/><\/a><\/figure>\n\n\n\n<figure class=\"wp-block-image size-large\"><a href=\"\/home\/wp-content\/uploads\/2024\/07\/SG72-1h-scaled.jpg\" data-rel=\"lightbox-gallery-obNX2ASK\" data-rl_title=\"\" data-rl_caption=\"\" title=\"\"><img loading=\"lazy\" decoding=\"async\" width=\"768\" height=\"1024\" data-id=\"770\" src=\"\/home\/wp-content\/uploads\/2024\/07\/SG72-1h-768x1024.jpg\" alt=\"\" class=\"wp-image-770\"\/><\/a><\/figure>\n\n\n\n<figure class=\"wp-block-image size-large\"><a href=\"\/home\/wp-content\/uploads\/2024\/07\/SG72-1a-2-scaled.jpg\" data-rel=\"lightbox-gallery-obNX2ASK\" data-rl_title=\"\" data-rl_caption=\"\" title=\"\"><img loading=\"lazy\" decoding=\"async\" width=\"768\" height=\"1024\" data-id=\"752\" src=\"\/home\/wp-content\/uploads\/2024\/07\/SG72-1a-2-768x1024.jpg\" alt=\"\" class=\"wp-image-752\"\/><\/a><\/figure>\n\n\n\n<figure class=\"wp-block-image size-large\"><a href=\"\/home\/wp-content\/uploads\/2024\/07\/SG72-1f-scaled.jpg\" data-rel=\"lightbox-gallery-obNX2ASK\" data-rl_title=\"\" data-rl_caption=\"\" title=\"\"><img loading=\"lazy\" decoding=\"async\" width=\"768\" height=\"1024\" data-id=\"747\" src=\"\/home\/wp-content\/uploads\/2024\/07\/SG72-1f-768x1024.jpg\" alt=\"\" class=\"wp-image-747\"\/><\/a><\/figure>\n\n\n\n<figure class=\"wp-block-image size-large\"><a href=\"\/home\/wp-content\/uploads\/2024\/07\/SG72-1e-scaled.jpg\" data-rel=\"lightbox-gallery-obNX2ASK\" data-rl_title=\"\" data-rl_caption=\"\" title=\"\"><img loading=\"lazy\" decoding=\"async\" width=\"768\" height=\"1024\" data-id=\"756\" src=\"\/home\/wp-content\/uploads\/2024\/07\/SG72-1e-768x1024.jpg\" alt=\"\" class=\"wp-image-756\"\/><\/a><\/figure>\n\n\n\n<figure class=\"wp-block-image size-large\"><a href=\"\/home\/wp-content\/uploads\/2024\/07\/SG72-1d-scaled.jpg\" data-rel=\"lightbox-gallery-obNX2ASK\" data-rl_title=\"\" data-rl_caption=\"\" title=\"\"><img loading=\"lazy\" decoding=\"async\" width=\"768\" height=\"1024\" data-id=\"759\" src=\"\/home\/wp-content\/uploads\/2024\/07\/SG72-1d-768x1024.jpg\" alt=\"\" class=\"wp-image-759\"\/><\/a><\/figure>\n<\/figure>\n\n\n\n<div style=\"height:28px\" aria-hidden=\"true\" class=\"wp-block-spacer\"><\/div>\n\n\n\n<div style=\"color:#32373c;background-color:#209cef\" class=\"wp-block-atomic-blocks-ab-notice ab-font-size-18 ab-block-notice\" data-id=\"4059b0\"><div class=\"ab-notice-title\" style=\"color:#fff\"><p>Info<\/p><\/div><div class=\"ab-notice-text\" style=\"border-color:#209cef\"><p>Lejligheden er ledig til \u00f8jeblikkelig overtagelse.<br\/>Den m\u00e5nedlige husleje er 6.500 kr. inkl. vand, varme, el og internet.<br\/>Der betales 2 m\u00e5neders leje i depositum og 1 m\u00e5neds leje i forudbetalt leje.<\/p><\/div><\/div>\n\n\n\n<div style=\"height:28px\" aria-hidden=\"true\" class=\"wp-block-spacer\"><\/div>\n\n\n\n<div style=\"text-align:center\" class=\"wp-block-atomic-blocks-ab-button ab-block-button\"><a href=\"\/home\/book-fremvisning\/\" class=\"ab-button ab-button-shape-rounded ab-button-size-medium\" style=\"color:#ffffff;background-color:#0693e3\">Book en fremvisning<\/a><\/div>\n","protected":false},"excerpt":{"rendered":"<p>Unik etv\u00e6relses lejlighed midt p\u00e5 ikoniske Sj\u00e6llandsgade udlejes til den helt rigtige lejer. Lejligheden er ikke delevenlig, og egner sig bedst til dig, der \u00f8nsker at bo for dig selv. Til geng\u00e6ld f\u00e5r du en velindrettet lejlighed med rummeligt k\u00f8kken, godt badev\u00e6relse og din helt egen tagterrasse.V\u00e6r opm\u00e6rksom p\u00e5, at adgangsforholdene er lidt specielle, idet [&hellip;]<\/p>\n","protected":false},"author":1,"featured_media":760,"parent":269,"menu_order":0,"comment_status":"closed","ping_status":"closed","template":"","meta":{"footnotes":""},"categories":[],"tags":[21],"class_list":["post-163","page","type-page","status-publish","has-post-thumbnail","hentry","tag-sjaellandsgade-72"],"jetpack_sharing_enabled":true,"featured_image_src":"\/home\/wp-content\/uploads\/2024\/07\/SG72-1g-600x400.jpg","featured_image_src_square":"\/home\/wp-content\/uploads\/2024\/07\/SG72-1g-600x600.jpg","rttpg_featured_image_url":{"full":["\/home\/wp-content\/uploads\/2024\/07\/SG72-1g-scaled.jpg",1920,2560,false],"landscape":["\/home\/wp-content\/uploads\/2024\/07\/SG72-1g-scaled.jpg",1920,2560,false],"portraits":["\/home\/wp-content\/uploads\/2024\/07\/SG72-1g-scaled.jpg",1920,2560,false],"thumbnail":["\/home\/wp-content\/uploads\/2024\/07\/SG72-1g-150x150.jpg",150,150,true],"medium":["\/home\/wp-content\/uploads\/2024\/07\/SG72-1g-225x300.jpg",225,300,true],"large":["\/home\/wp-content\/uploads\/2024\/07\/SG72-1g-768x1024.jpg",768,1024,true],"1536x1536":["\/home\/wp-content\/uploads\/2024\/07\/SG72-1g-1152x1536.jpg",1152,1536,true],"2048x2048":["\/home\/wp-content\/uploads\/2024\/07\/SG72-1g-1536x2048.jpg",1536,2048,true],"ab-block-post-grid-landscape":["\/home\/wp-content\/uploads\/2024\/07\/SG72-1g-600x400.jpg",600,400,true],"ab-block-post-grid-square":["\/home\/wp-content\/uploads\/2024\/07\/SG72-1g-600x600.jpg",600,600,true],"mailpoet_newsletter_max":["\/home\/wp-content\/uploads\/2024\/07\/SG72-1g-1320x1760.jpg",1320,1760,true]},"rttpg_author":{"display_name":"o@origo.io","author_link":"\/home\/author\/oorigo-io\/"},"rttpg_comment":0,"rttpg_category":false,"rttpg_excerpt":"Unik etv\u00e6relses lejlighed midt p\u00e5 ikoniske Sj\u00e6llandsgade udlejes til den helt rigtige lejer. Lejligheden er ikke delevenlig, og egner sig bedst til dig, der \u00f8nsker at bo for dig selv. Til geng\u00e6ld f\u00e5r du en velindrettet lejlighed med rummeligt k\u00f8kken, godt badev\u00e6relse og din helt egen tagterrasse.V\u00e6r opm\u00e6rksom p\u00e5, at adgangsforholdene er lidt specielle, idet&hellip;","_links":{"self":[{"href":"\/home\/wp-json\/wp\/v2\/pages\/163","targetHints":{"allow":["GET"]}}],"collection":[{"href":"\/home\/wp-json\/wp\/v2\/pages"}],"about":[{"href":"\/home\/wp-json\/wp\/v2\/types\/page"}],"author":[{"embeddable":true,"href":"\/home\/wp-json\/wp\/v2\/users\/1"}],"replies":[{"embeddable":true,"href":"\/home\/wp-json\/wp\/v2\/comments?post=163"}],"version-history":[{"count":22,"href":"\/home\/wp-json\/wp\/v2\/pages\/163\/revisions"}],"predecessor-version":[{"id":796,"href":"\/home\/wp-json\/wp\/v2\/pages\/163\/revisions\/796"}],"up":[{"embeddable":true,"href":"\/home\/wp-json\/wp\/v2\/pages\/269"}],"wp:featuredmedia":[{"embeddable":true,"href":"\/home\/wp-json\/wp\/v2\/media\/760"}],"wp:attachment":[{"href":"\/home\/wp-json\/wp\/v2\/media?parent=163"}],"wp:term":[{"taxonomy":"category","embeddable":true,"href":"\/home\/wp-json\/wp\/v2\/categories?post=163"},{"taxonomy":"post_tag","embeddable":true,"href":"\/home\/wp-json\/wp\/v2\/tags?post=163"}],"curies":[{"name":"wp","href":"https:\/\/api.w.org\/{rel}","templated":true}]}}